{"id":7,"date":"2022-11-20T18:01:25","date_gmt":"2022-11-20T18:01:25","guid":{"rendered":"https:\/\/www.weltraum-strafrecht.de\/?page_id=7"},"modified":"2023-10-03T10:36:27","modified_gmt":"2023-10-03T10:36:27","slug":"weltraum-strafrecht","status":"publish","type":"page","link":"https:\/\/www.weltraum-strafrecht.de\/","title":{"rendered":"Weltraum-Strafrecht (und Weltraumrecht)"},"content":{"rendered":"\n<div class=\"wp-block-group alignfull has-global-padding is-layout-constrained wp-block-group-is-layout-constrained\">\n<h2 class=\"wp-block-heading\">Was ist das Weltraumrecht &#8211; und Weltraum-Strafrecht?<\/h2>\n\n\n\n<p><strong>Juristisch stellt sich der Luftraum \u00fcber staatlichem Hoheitsgebiet als &#8222;Inland&#8220; im Sinne des Strafrechts dar. Dieser Luftraum endet aber in einer gewissen H\u00f6he, dort wo er zum Weltraum wird. Wo diese Grenze liegt ist nicht eindeutig, ab 80 Kilometer H\u00f6he steht dies im Raum, sp\u00e4testens bei 110 Kilometern beginnt jedoch der Weltraum. Dieser unterliegt keiner staatlichen Hoheit, ist somit &#8211; zumindest r\u00e4umlich betrachtet &#8211; nicht rechtlich reguliert. <\/strong><\/p>\n\n\n\n<p>Wenn man nach einem Weltraumstrafrecht fragt, ist der einfache Weg, an <em>Weltraumfahrzeuge<\/em>&nbsp;zu denken &#8211; diese werden v\u00f6lkerrechtlich der Hoheitsgewalt des Staates unterfallen, f\u00fcr den sie auftreten. Es wird daher in der Literatur daf\u00fcr pl\u00e4diert, dass man im \u00a74 StGB das &#8222;Flaggenprinzip&#8220; ausdr\u00fccklich auf Weltraumfahrzeuge ausdehnt und dies im \u00dcbrigen in der Auslegung schon jetzt tun solle. Ansonsten gilt f\u00fcr internationale Weltraummissionen, dass jeder beteiligte Staat die Hoheitsgewalt \u00fcber sein Eigentum und seine Staatsangeh\u00f6rigen innehat.&nbsp;<\/p>\n\n\n\n<p>Das Weltraumrecht als Rechtsgebiet existiert derzeit wohl eher in der Rechtstheorie als in der Praxis. Dabei stellen sich gravierende Probleme, die derzeit noch eher am Rande in Erscheinung treten: Etwa zum gewerblichen Rechtsschutz und der Frage des Schutzes geistigen Eigentums von Entdeckungen\/Erfindungen im Weltraum, was heute schon teilweise auch nationalem Recht unterfallen kann.<\/p>\n<\/div>\n\n\n\n<div class=\"wp-block-group alignfull has-global-padding is-layout-constrained wp-block-group-is-layout-constrained\">\n<h2 class=\"wp-block-heading has-text-align-center\">Exemplarische Aspekte des Weltraumrechts<\/h2>\n\n\n\n<div class=\"wp-block-columns alignwide tw-cols-stack-md-2 is-layout-flex wp-container-core-columns-is-layout-d0b3c9c8 wp-block-columns-is-layout-flex\">\n<div class=\"wp-block-column is-layout-flow wp-block-column-is-layout-flow\">\n<h3 class=\"wp-block-heading\">Weltraumrecht<\/h3>\n\n\n\n<p>Da es kein nationales Weltraumrecht gibt, stellt sich das Weltraumrecht als Teil des V\u00f6lkerrechts dar. Kernelement ist der <strong>Weltraumvertrag vom 27. 1. 1967<\/strong>.<\/p>\n<\/div>\n\n\n\n<div class=\"wp-block-column is-layout-flow wp-block-column-is-layout-flow\">\n<h3 class=\"wp-block-heading\">Haftung<\/h3>\n\n\n\n<p>Nat\u00fcrlich muss irgendwie zumindest grundlegend die Haftungsfrage gekl\u00e4rt sein. Hier sind die WeltraumV und das Weltraumhaftungs\u00fcbereinkommen zu nennen. Das hier (grob) konzipierte Haftungssystem sieht dabei eine Gef\u00e4hrdungshaftung oder eine Verschuldenshaftung vor, abh\u00e4ngig vom Schadensort (Irdisch oder im Weltraum)<\/p>\n<\/div>\n\n\n\n<div class=\"wp-block-column is-layout-flow wp-block-column-is-layout-flow\">\n<h3 class=\"wp-block-heading\">Krieg &amp; Cybercrime<\/h3>\n\n\n\n<p>Wie geht man damit um, wenn Hacker &#8211; eventuell auch im staatlichen Auftrag-Systeme im Weltraum angreifen, etwa Satelliten? Oder \u00fcber Satelliten irdische Ziele \u00fcber dar\u00fcber laufende Verbindungen ins Visier nehmen? <\/p>\n<\/div>\n<\/div>\n<\/div>\n\n\n\n<div class=\"wp-block-group alignfull has-pale-ocean-gradient-background has-background tw-shadow is-layout-flow wp-block-group-is-layout-flow\" style=\"border-radius:0px;padding-top:25px;padding-right:25px;padding-bottom:25px;padding-left:25px\">\n<div class=\"wp-block-media-text alignwide has-media-on-the-right is-stacked-on-mobile tw-stack-md\" style=\"grid-template-columns:auto 40%\"><div class=\"wp-block-media-text__content\">\n<h2 class=\"wp-block-heading has-h-5-font-size\">Rechtsanwalt f\u00fcr Weltraum-Strafrecht und Weltraumrecht<\/h2>\n\n\n\n<ul class=\"wp-block-list\" id=\"block-5a0042dc-9d1c-4616-98af-218e5182a2b4\">\n<li>Fachanwalt f\u00fcr IT-Recht und Strafrecht, der Rechtsfragen neuer Technologien und Technik allgemein liebt<\/li>\n\n\n\n<li>Nat\u00fcrlich keinerlei Erfahrung im Gerichtssaal mit dem Weltraumrecht &#8211; wie auch<\/li>\n\n\n\n<li><strong>Seit Jahren umfangreiche Besch\u00e4ftigung mit Fragen des Weltraumrechts, speziell rund um technologische und strafrechtliche Aspekte<\/strong><\/li>\n\n\n\n<li>Wo sich Technik und Strafrecht begegnen, ist der Bereich des Cybercrime &#8211; spezialisiert auf Cybercrime w\u00e4re es fatal, hier nicht die Bedrohung durch Satellitengest\u00fctzte Verbindungen zu sehen!<\/li>\n<\/ul>\n\n\n\n<div class=\"wp-block-buttons is-layout-flex wp-block-buttons-is-layout-flex\">\n<div class=\"wp-block-button\"><a class=\"wp-block-button__link wp-element-button\" href=\"tel:+49240492100\">Tel: 02404 92100<\/a><\/div>\n\n\n\n<div class=\"wp-block-button\"><a class=\"wp-block-button__link wp-element-button\" href=\"mailto:kontakt@ferner-alsdorf.de\">Mail: kontakt@ferner-alsdorf.de<\/a><\/div>\n<\/div>\n<\/div><figure class=\"wp-block-media-text__media\"><img decoding=\"async\" src=\"https:\/\/www.ferner-alsdorf.de\/wp-content\/uploads\/2020\/05\/strafverteidiger-jensferner-700x466.jpg\" alt=\"Rechtsanwalt f\u00fcr Weltraum-Strafrecht und Weltraumrecht: Fachanwalt f\u00fcr IT-Recht Jens Ferner ist Ihr Rechtsanwalt f\u00fcr Weltraum-Strafrecht und Weltraumrecht\" class=\"wp-image-121237 size-full\"\/><\/figure><\/div>\n<\/div>\n\n\n\n<div class=\"wp-block-group alignfull has-global-padding is-layout-constrained wp-block-group-is-layout-constrained\">\n<h2 class=\"wp-block-heading has-small-font-size\" style=\"text-transform:uppercase\">Weltraum-Strafrecht<\/h2>\n\n\n\n<h3 class=\"wp-block-heading\" style=\"margin-top:20px\">Gibt es ein origin\u00e4res Weltraum-Strafrecht?<\/h3>\n\n\n\n<p>Ein echtes, origin\u00e4res Weltraumstrafrecht in dem Sinne, dass f\u00fcr den Weltraum ein unmittelbar geschaffenes Strafrecht existiert, gibt es in dem Sinne nicht. Es gibt einige, sehr spezifische, Sonderregeln, etwa wenn man ohne die erforderliche Genehmigung ein Satellitensystem betreibt, das Daten \u00fcber die Erde mit besonders hohem Informationsgehalt erzeugt, was eine Ordnungswidrigkeit darstellt (siehe etwa \u00a7&nbsp;28&nbsp;I&nbsp;Nr.&nbsp;1&nbsp;Satellitendatensicherheitsgesetz, &#8222;SatDSiG&#8220;). <\/p>\n\n\n\n<p>Allerdings gibt es eine Br\u00fccke zum nationalen Strafrecht: Bei Straftaten mit besonderem Inlandsbezug kann sich \u00fcber \u00a75 StGB, bei ausdr\u00fccklich benannten und besonders schwerwiegenden Taten, eine Strafbarkeit &#8222;im Ausland&#8220; ergeben. Unter &#8222;Ausland&#8220; f\u00e4llt dabei alles, was nicht deutsches Hoheitsgebiet ist, mit der \u00fcberwiegenden juristischen Literaturmeinung ist der Weltraum davon problemlos umfasst. <\/p>\n\n\n\n<div class=\"wp-block-group alignfull has-global-padding is-layout-constrained wp-block-group-is-layout-constrained\">\n<div class=\"wp-block-columns alignwide tw-row-gap-small tw-cols-stack-md is-layout-flex wp-container-core-columns-is-layout-86b42359 wp-block-columns-is-layout-flex\">\n<div class=\"wp-block-column is-layout-flow wp-block-column-is-layout-flow\">\n<h2 class=\"wp-block-heading\">Cybercrime im Weltraum<\/h2>\n<\/div>\n\n\n\n<div class=\"wp-block-column is-layout-flow wp-block-column-is-layout-flow\">\n<p>RA JF ist spezialisiert auf Cybercrime &#8211; nat\u00fcrlich ist die Verbindung zum Weltraum, mit Kommunikation und \u00dcberwachung \u00fcber Satelliten vollkommen naheliegend. <\/p>\n\n\n\n<p>Dabei sind Angriffe, die sich koordiniert gegen das Inland richten und nur \u00fcber das &#8222;Werkzeug&#8220; im Weltraum laufen, sicherlich gut \u00fcber das nationale Strafrecht zu greifen. Spannend werden F\u00e4lle, in denen zugleich, direkt beabsichtigt oder nicht, auch Sch\u00e4den am jeweiligen Gut im Weltraum durch den Angriff hervorgerufen werden &#8211; der intendiert woanders auf der Erde Sch\u00e4den verursachen sollte. <\/p>\n<\/div>\n<\/div>\n<\/div>\n\n\n\n<div class=\"wp-block-columns alignwide is-layout-flex wp-container-core-columns-is-layout-d0b3c9c8 wp-block-columns-is-layout-flex\">\n<div class=\"wp-block-column is-layout-flow wp-block-column-is-layout-flow\">\n<figure class=\"wp-block-image aligncenter size-large\"><a href=\"https:\/\/www.weltraum-strafrecht.de\/wp-content\/uploads\/2023\/08\/EU-Weltraum-scaled.jpeg\" target=\"_blank\" rel=\"noreferrer noopener\"><img loading=\"lazy\" decoding=\"async\" width=\"307\" height=\"1024\" src=\"https:\/\/www.weltraum-strafrecht.de\/wp-content\/uploads\/2023\/08\/EU-Weltraum-307x1024.jpeg\" alt=\"Rechtsanwalt f\u00fcr Weltraum-Strafrecht und Weltraumrecht\" class=\"wp-image-18\" srcset=\"https:\/\/www.weltraum-strafrecht.de\/wp-content\/uploads\/2023\/08\/EU-Weltraum-307x1024.jpeg 307w, https:\/\/www.weltraum-strafrecht.de\/wp-content\/uploads\/2023\/08\/EU-Weltraum-90x300.jpeg 90w, https:\/\/www.weltraum-strafrecht.de\/wp-content\/uploads\/2023\/08\/EU-Weltraum-768x2564.jpeg 768w, https:\/\/www.weltraum-strafrecht.de\/wp-content\/uploads\/2023\/08\/EU-Weltraum-460x1536.jpeg 460w, https:\/\/www.weltraum-strafrecht.de\/wp-content\/uploads\/2023\/08\/EU-Weltraum-scaled.jpeg 767w\" sizes=\"auto, (max-width: 307px) 100vw, 307px\" \/><\/a><\/figure>\n<\/div>\n\n\n\n<div class=\"wp-block-column is-layout-flow wp-block-column-is-layout-flow\">\n<h2 class=\"wp-block-heading\">Engagement im Weltraum<\/h2>\n\n\n\n<p>Das Engagement im Weltraum ist f\u00fcr Nationalstaaten und insbesondere f\u00fcr supranationale Gebilde wie die EU von strategischer Bedeutung. Das Engagement im Weltraum ist f\u00fcr die Nationalstaaten und die EU als Ganzes von strategischer, wirtschaftlicher und wissenschaftlicher Bedeutung. Eine Vernachl\u00e4ssigung dieses Sektors k\u00f6nnte zu geopolitischen, wirtschaftlichen und sicherheitspolitischen Nachteilen f\u00fchren. Daher ist es von entscheidender Bedeutung, in Raumfahrttechnologien und -missionen zu investieren und eine aktive Rolle im Weltraum zu spielen, insbesondere in den Bereichen<\/p>\n\n\n\n<ol class=\"wp-block-list\">\n<li><strong>Wissenschaft und Forschung:<\/strong> Der Weltraum bietet einzigartige M\u00f6glichkeiten f\u00fcr die wissenschaftliche Forschung, von der Erkundung anderer Planeten und Sterne bis hin zur Erforschung der Erde aus der Umlaufbahn. Diese Forschung kann unser Verst\u00e4ndnis des Universums erweitern und zu Durchbr\u00fcchen in Physik, Biologie und anderen Wissenschaften f\u00fchren.<\/li>\n\n\n\n<li><strong>Technologische Innovation:<\/strong> Die Herausforderungen der Raumfahrt haben zu zahlreichen technologischen Fortschritten gef\u00fchrt, von denen viele auch auf der Erde Anwendung finden, z. B. in der Medizintechnik, der Kommunikationstechnologie und den Materialwissenschaften.<\/li>\n\n\n\n<li><strong>Wirtschaftliche Chancen:<\/strong> Der Weltraum bietet wirtschaftliche Chancen, die von Satellitendiensten \u00fcber Weltraumtourismus bis hin zum m\u00f6glichen Abbau von Ressourcen auf Asteroiden oder anderen Himmelsk\u00f6rpern reichen.<\/li>\n\n\n\n<li><strong>Geopolitische und strategische Bedeutung<\/strong>: Der Weltraum ist ein strategisches Gebiet, das f\u00fcr Verteidigung, Kommunikation und \u00dcberwachung genutzt wird. Ein aktives Engagement im Weltraum kann einem Staat oder einer Union geopolitische Vorteile verschaffen.<\/li>\n\n\n\n<li><strong>Umwelt\u00fcberwachung und Klimawandel:<\/strong> Satelliten spielen eine entscheidende Rolle bei der \u00dcberwachung des Klimawandels, der Ozeane und der Umwelt insgesamt. Sie liefern wertvolle Daten f\u00fcr die Entwicklung von Strategien zum Schutz unseres Planeten.<\/li>\n\n\n\n<li><strong>Inspiration und Bildung:<\/strong> Weltraummissionen inspirieren Menschen weltweit und f\u00f6rdern das Interesse an Wissenschaft, Technik, Ingenieurwesen und Mathematik.<\/li>\n\n\n\n<li><strong>Gefahren der Vernachl\u00e4ssigung:<\/strong> Wenn Staaten oder Einheiten wie die EU den Weltraum vernachl\u00e4ssigen, k\u00f6nnten sie an geopolitischem Einfluss verlieren, w\u00e4hrend andere Akteure ihre Pr\u00e4senz und Macht im Weltraum ausbauen. Ohne eigene Weltraumkapazit\u00e4ten k\u00f6nnten L\u00e4nder oder Einheiten von anderen Staaten abh\u00e4ngig werden, sei es bei Satellitendiensten, Weltraumforschung oder Verteidigung. Dar\u00fcber hinaus ist die Raumfahrtindustrie ein wachsender Sektor mit gro\u00dfem wirtschaftlichem Potenzial. Mangelndes Engagement k\u00f6nnte wirtschaftliche Chancen kosten. Schlie\u00dflich wird der Weltraum zunehmend militarisiert. Fehlende Pr\u00e4senz oder F\u00e4higkeiten im Weltraum k\u00f6nnten die Sicherheitsrisiken erh\u00f6hen.<\/li>\n<\/ol>\n<\/div>\n<\/div>\n<\/div>\n\n\n\n<div class=\"wp-block-group alignfull has-global-padding is-layout-constrained wp-block-group-is-layout-constrained\">\n<figure class=\"wp-block-image size-large\"><img loading=\"lazy\" decoding=\"async\" width=\"614\" height=\"1024\" src=\"https:\/\/www.weltraum-strafrecht.de\/wp-content\/uploads\/2023\/10\/PrivateRaumfahrt-614x1024.webp\" alt=\"Weltraumrecht: Private Raumfahrt bedeutsam\" class=\"wp-image-23\" srcset=\"https:\/\/www.weltraum-strafrecht.de\/wp-content\/uploads\/2023\/10\/PrivateRaumfahrt-614x1024.webp 614w, https:\/\/www.weltraum-strafrecht.de\/wp-content\/uploads\/2023\/10\/PrivateRaumfahrt-180x300.webp 180w, https:\/\/www.weltraum-strafrecht.de\/wp-content\/uploads\/2023\/10\/PrivateRaumfahrt-768x1280.webp 768w, https:\/\/www.weltraum-strafrecht.de\/wp-content\/uploads\/2023\/10\/PrivateRaumfahrt-922x1536.webp 922w, https:\/\/www.weltraum-strafrecht.de\/wp-content\/uploads\/2023\/10\/PrivateRaumfahrt-1229x2048.webp 1229w, https:\/\/www.weltraum-strafrecht.de\/wp-content\/uploads\/2023\/10\/PrivateRaumfahrt-scaled.webp 1536w\" sizes=\"auto, (max-width: 614px) 100vw, 614px\" \/><\/figure>\n\n\n\n<h2 class=\"wp-block-heading\">Raumfahrt durch Unternehmen<\/h2>\n\n\n\n<p>Es ist davon auszugehen, dass die Raumfahrt in Zukunft vor allem von der Privatwirtschaft getragen wird. Dabei bietet die kommerzielle Raumfahrt einerseits einen hohen wirtschaftlichen Wert, andererseits steht sie gerade deshalb im Fokus des Gesetzgebers. So hat z.B. Deutschland ein Weltraumgesetz angek\u00fcndigt, mit dem die Regulierung der privaten Raumfahrt angegangen werden soll (s.u. &#8222;Raumfahrtstrategie&#8220;). Es ist zu erwarten, dass dabei von Anfang an die (IT-)Sicherheit, aber auch die Nachhaltigkeit im Sinne der Umweltvertr\u00e4glichkeit im Vordergrund stehen wird. Es ist absehbar, dass der Genehmigungs- und Pr\u00fcfaufwand in der EU steigen wird.<\/p>\n<\/div>\n\n\n\n<div class=\"wp-block-group alignfull has-secondary-background-color has-background has-global-padding is-layout-constrained wp-block-group-is-layout-constrained\">\n<h2 class=\"wp-block-heading has-text-align-center\">Anwaltskanzlei Ferner Alsdorf<\/h2>\n\n\n\n<figure class=\"wp-block-image aligncenter size-full\"><img loading=\"lazy\" decoding=\"async\" width=\"350\" height=\"184\" src=\"https:\/\/www.weltraum-strafrecht.de\/wp-content\/uploads\/2022\/11\/Logo700-opti.png\" alt=\"\" class=\"wp-image-10\" srcset=\"https:\/\/www.weltraum-strafrecht.de\/wp-content\/uploads\/2022\/11\/Logo700-opti.png 350w, https:\/\/www.weltraum-strafrecht.de\/wp-content\/uploads\/2022\/11\/Logo700-opti-300x158.png 300w\" sizes=\"auto, (max-width: 350px) 100vw, 350px\" \/><\/figure>\n\n\n\n<p class=\"has-text-align-center\">Unsere Kanzlei ist spezialisiert auf die Strafverteidigung und das IT-Recht, besonders zu Fragen von Cybercrime und digitalen Beweismitteln &#8211; aus \u00dcberzeugung. Diese Webseite entstand aus Interesse an dem Thema Weltraum-Strafrecht, mit dem sich Rechtsanwalt Jens Ferner besch\u00e4ftigt.<\/p>\n\n\n\n<p class=\"has-text-align-center\">Unsere&nbsp;<strong>Qualifikation<\/strong>: RA DF ist seit \u00fcber 20 Jahren Fachanwalt f\u00fcr Strafrecht; RA JF ist Doppel-Fachanwalt, Kommentator in einem renommierten StPO-Kommentar, Referendar-Ausbilder f\u00fcr das OLG-K\u00f6ln + Dozent bei der Anwaltakademie.<\/p>\n\n\n\n<p class=\"has-text-align-center\"><strong><a rel=\"noreferrer noopener\" href=\"http:\/\/ferner-alsdorf.de\" target=\"_blank\">Kanzleiwebseite<\/a> |&nbsp;<a href=\"https:\/\/www.ferner-alsdorf.de\/kontakt\/\">Kontakt<\/a> |&nbsp;<a href=\"https:\/\/www.ferner-alsdorf.de\/impressum\/\">Impressum<\/a> | <a href=\"https:\/\/www.ferner-alsdorf.de\/impressum\/datenschutzerklaerung\/\">Datenschutzerkl\u00e4rung<\/a><\/strong><\/p>\n<\/div>\n\n\n\n<div class=\"wp-block-group alignfull has-global-padding is-layout-constrained wp-block-group-is-layout-constrained\">\n<h2 class=\"wp-block-heading has-text-align-center\">Raumfahrtstrategie der deutschen Bundesregierung 2023<\/h2>\n\n\n\n<p>Die deutsche Bundesregierung hat sich im Jahr 2023 neu aufgestellt und ihre Raumfahrtstrategie mit Schl\u00fcsselprojekten benannt<\/p>\n\n\n\n<div class=\"wp-block-columns alignwide is-layout-flex wp-container-core-columns-is-layout-4b47329e wp-block-columns-is-layout-flex\">\n<div class=\"wp-block-column is-layout-flow wp-block-column-is-layout-flow\" style=\"border-top-width:1px;padding-top:24px\">\n<h3 class=\"wp-block-heading\">Wettbewerb &amp; Regulierung<\/h3>\n\n\n\n<p>Der freie und unabh\u00e4ngige Zugang zum Weltraum ist aus Sicht der Regierung ein wesentliches Element der strategischen Souver\u00e4nit\u00e4t Europas und damit unverzichtbar f\u00fcr die Verwirklichung unserer politischen, wirtschaftlichen und gesellschaftlichen Ziele bei der Nutzung des Weltraums. In einem neuen globalen Weltraumumfeld ist ein neuer, nachhaltiger Ansatz f\u00fcr die Entwicklung und Beschaffung von Tr\u00e4gerdiensten in Europa erforderlich: hin zu mehr innereurop\u00e4ischem Wettbewerb zwischen privaten Unternehmen. <\/p>\n\n\n\n<p>Es geht um einen Paradigmenwechsel bei der Entwicklung und Beschaffung von Tr\u00e4gerdiensten in Europa: Mit einem europ\u00e4ischen Launcher-Wettbewerb soll in ein wettbewerbsorientiertes Modell der Tr\u00e4gerbeschaffung eingestiegen werden. Damit soll der Weg f\u00fcr einen effizienten und unabh\u00e4ngigen Zugang zum Weltraum auf der Grundlage eines fairen Wettbewerbs geebnet werden. Die Prinzipien der Nachhaltigkeit werden \u00fcber den gesamten Lebenszyklus von der Entwicklung und Produktion der Rakete bis hin zum nachhaltigen Betrieb am Boden und auf dem Weg ins All integriert.<\/p>\n\n\n\n<p>Die Bundesregierung strebt zudem ein nationales Weltraumgesetz an, das u.a. durch eine Genehmigungspflicht und Kontrolle von Weltraumaktivit\u00e4ten zur Nachhaltigkeit von Weltraumaktivit\u00e4ten beitr\u00e4gt. Gesetzliche Regelungen sollen auch zur Verl\u00e4sslichkeit und zu einem innovativen und wettbewerbsf\u00e4higen Standort f\u00fcr Raumfahrtunternehmen beitragen. \u00dcberdies wird bei der Erarbeitung des Weltraumgesetzes die Aufnahme sicherheitsrelevanter Aspekte gepr\u00fcft.<\/p>\n<\/div>\n\n\n\n<div class=\"wp-block-column is-layout-flow wp-block-column-is-layout-flow\" style=\"border-top-width:1px;padding-top:24px\">\n<h3 class=\"wp-block-heading\">Beteiligung an internationalen Missionen und Space Innovation Hub<\/h3>\n\n\n\n<p>Als wichtiger Partner wird die NASA ausgemacht (Mission Grace) sowie Japan (Mission Destiny+). Zudem besteht ein Bedarf an mehr Austausch zwischen \u00f6ffentlichen Bedarfstr\u00e4gern und Anbietern von Raumfahrtdienstleistungen. Beschaffungsprozesse sollen innovativer und transparenter werden, Synergien st\u00e4rker genutzt werden. Deshalb wird die Bundesregierung \u00fcber die Deutsche Raumfahrtagentur eine Plattform initiieren. Dieser Space-Innovation Hub dient als Anlaufstelle f\u00fcr die NewSpace-Szene, um gemeinsam mit zivilen und milit\u00e4rischen Akteuren innovative Projektideen und Umsetzungsm\u00f6glichkeiten zu entwickeln.<\/p>\n\n\n\n<p>In diesem Rahmen soll auch die &#8222;R\u00fcckkehr&#8220; zum Mond stattfinden.<\/p>\n<\/div>\n<\/div>\n\n\n\n<div class=\"wp-block-columns alignwide is-layout-flex wp-container-core-columns-is-layout-6b2b2ef1 wp-block-columns-is-layout-flex\" style=\"margin-top:48px\">\n<div class=\"wp-block-column is-layout-flow wp-block-column-is-layout-flow\" style=\"border-top-width:1px;padding-top:24px\">\n<h3 class=\"wp-block-heading\">Kleinsatelliten<\/h3>\n\n\n\n<p>Kleinsatelliten sind aus Sicht der Bundesregierung der Motor des Zukunftsmarktes Raumfahrt &#8211; und eine gro\u00dfe Chance f\u00fcr die deutsche Raumfahrtindustrie, insbesondere f\u00fcr Start-ups. Deshalb wird die Kleinsatelliten-Initiative weiter vorangetrieben, um den Weg f\u00fcr eine geschlossene Wertsch\u00f6pfungskette in Deutschland zu ebnen. Deutsche KMU und Start-ups werden dabei unterst\u00fctzt, eine gute Wettbewerbsposition in diesem Markt einzunehmen, insbesondere bei der Entwicklung innovativer Technologien und Dienstleistungen. Forschungseinrichtungen und Hochschulen als Innovationstreiber und N\u00e4hrboden f\u00fcr NewSpace-Ans\u00e4tze werden ebenfalls ber\u00fccksichtigt.<\/p>\n<\/div>\n\n\n\n<div class=\"wp-block-column is-layout-flow wp-block-column-is-layout-flow\" style=\"border-top-width:1px;padding-top:24px\">\n<h3 class=\"wp-block-heading\">Klima und Weltraum<\/h3>\n\n\n\n<p>Konkret will Deutschland in Zusammenarbeit mit UNEP im Rahmen des \u201eInternational Methane Emissions Observatory (IMEO)\u201c die Umsetzung der Ziele des \u201eMethane Pledge\u201c (COP-26, Glasgow) auf der Ebene des Monitorings und der Datenbereitstellung nachhaltig unterst\u00fctzen. Es soll ein Angebot f\u00fcr nationale und europ\u00e4ische Nutzer geschaffen werden, um Methanemissionen gezielt zu verifizieren und letztlich systematisch zu reduzieren.<\/p>\n\n\n\n<p>Ferner soll das Potenzial von Erdbeobachtungsdaten f\u00fcr den nat\u00fcrlichen Klimaschutz (z.B. Erhalt und Renaturierung von Mooren und Auenlandschaften) in Deutschland erschlossen werden. Dazu wird ein integriertes Treibhausgas-Monitoringsystem f\u00fcr Deutschland aufgebaut. Hochaufl\u00f6sende Satellitenmessungen der atmosph\u00e4rischen Treibhausgaskonzentrationen erm\u00f6glichen dabei die Quantifizierung der Emissionsintensit\u00e4t lokaler CO2- und CH4-Quellen aus dem Weltraum und die Verbesserung des Datenflusses, um schlie\u00dflich mit Hilfe eines Datenassimilations- und Inversionssystems regelm\u00e4\u00dfige Quelle-Senke-Sch\u00e4tzungen der Treibhausgase auf national relevanten Skalen liefern zu k\u00f6nnen. Beginnend mit einer CO2-\u00dcberwachungsmission ab 2026 soll die Copernicus-Satellitenflotte bis 2028 um sechs weitere Erweiterungs-Sentinel-Missionen erg\u00e4nzt werden, die den europ\u00e4ischen Green-Deal und die europ\u00e4ischen Klimaziele ma\u00dfgeblich unterst\u00fctzen und dar\u00fcber hinaus die weltweite Spitzenstellung Europas in der Erdbeobachtung auch in Zukunft sichern werden.<\/p>\n\n\n\n<p>Aufbauend auf den bereits bestehenden nationalen und europ\u00e4ischen Plattformen soll die zuverl\u00e4ssige, effiziente und nutzerfreundliche Bereitstellung von Satellitendaten und Prozessierungswerkzeugen \u00fcber Cloud-Plattformen weiter vorangetrieben werden, um u.a. Nutzern aus \u00f6ffentlichen Einrichtungen und der Wissenschaft, aber auch Dienstleistern einen schnellen, einfachen und effizienten Zugang zu weltweit verf\u00fcgbaren Erdbeobachtungsdaten sowie deren sichere cloudbasierte Prozessierung und Integration mit eigenen Daten zu erm\u00f6glichen.<\/p>\n<\/div>\n<\/div>\n\n\n\n<div class=\"wp-block-columns alignwide is-layout-flex wp-container-core-columns-is-layout-4b47329e wp-block-columns-is-layout-flex\">\n<div class=\"wp-block-column is-layout-flow wp-block-column-is-layout-flow\" style=\"border-top-width:1px;padding-top:24px\">\n<h3 class=\"wp-block-heading\">Weltraumlage<\/h3>\n\n\n\n<p>Die F\u00e4higkeit zur Erstellung eines Weltraumlagebildes ist eine elementare Grundlage f\u00fcr Ma\u00dfnahmen zum Schutz von Weltraumsystemen und damit f\u00fcr gesamtstaatliches Handeln im Weltraum. Die Nationale Sicherheitsstrategie betont die Bedeutung des Weltraumlagebildes als gemeinsame zivil-milit\u00e4rische Aufgabe. Um die operative Verf\u00fcgbarkeit eines aktuellen und unabh\u00e4ngigen Weltraumlagebildes sicherzustellen, werden wir den Auf- und Ausbau nationaler F\u00e4higkeiten einschlie\u00dflich der Sensorik und den Betrieb des ressortgemeinsamen Weltraumlagezentrums bis 2030 sicherstellen. Dabei sollen die vorhandenen Kompetenzen von Forschungs- und Bundeseinrichtungen ausgebaut werden. Deutschland wird weiterhin eine f\u00fchrende Rolle in der EU-SST-Partnerschaft einnehmen und eine Katalog- und Serviceverf\u00fcgbarkeit zur \u00dcberwachung aller relevanten Erdorbits aufbauen.<\/p>\n<\/div>\n\n\n\n<div class=\"wp-block-column is-layout-flow wp-block-column-is-layout-flow\" style=\"border-top-width:1px;padding-top:24px\">\n<h3 class=\"wp-block-heading\">Weltraumverkehrsmanagement<\/h3>\n\n\n\n<p>Die Zahl der Objekte im Weltraum nimmt stark zu. Anders als im Luftverkehr, wo die Flugsicherung daf\u00fcr sorgt, dass alle Flugzeuge immer einen ausreichenden Abstand zueinander haben, gibt es f\u00fcr den Weltraum bisher keine entsprechende Koordinierungsstelle. Aufgrund der physikalischen Unterschiede sind Ans\u00e4tze aus dem Luftverkehr nicht ohne weiteres auf den Weltraumverkehr \u00fcbertragbar. Um Kollisionen im Weltraum zu vermeiden, hat die Europ\u00e4ische Union einen politischen Ansatz f\u00fcr ein Weltraumverkehrsmanagement entwickelt, der insbesondere die Verbesserung der Unabh\u00e4ngigkeit der EU im Bereich der Beobachtung und Verfolgung von Weltraumobjekten durch die EU-Mitgliedstaaten ber\u00fccksichtigt, die bereits in der EU-SST-Partnerschaft zusammenarbeiten. Auf der Grundlage der Dienste, die EU SST den Satellitenbetreibern weltweit kostenlos zur Verf\u00fcgung stellt, k\u00f6nnen unter anderem Kollisionsgefahren erkannt und Ausweichman\u00f6ver durchgef\u00fchrt werden.<\/p>\n\n\n\n<p>Deutschland wird die Umsetzung und internationale Vertretung des EU-Ansatzes f\u00fcr STM aktiv unterst\u00fctzen und hat sich im Rahmen der Vereinten Nationen f\u00fcr den Aufbau eines internationalen STM-Systems eingesetzt. Die Umsetzung der deutschen Position erfordert den konsequenten Ausbau der nationalen F\u00e4higkeiten sowie die bi- und multilaterale Vernetzung Deutschlands im Bereich Weltraum\u00fcberwachung mit zivilen und milit\u00e4rischen Partnern. Die Fortsetzung unserer F\u00fchrungsrolle im EU SST wird in enger Abstimmung mit Frankreich angestrebt.<\/p>\n<\/div>\n<\/div>\n<\/div>\n\n\n\n<p><\/p>\n","protected":false},"excerpt":{"rendered":"<p>Was ist das Weltraumrecht &#8211; und Weltraum-Strafrecht? Juristisch stellt sich der Luftraum \u00fcber staatlichem Hoheitsgebiet als &#8222;Inland&#8220; im Sinne des Strafrechts dar. Dieser Luftraum endet aber in einer gewissen H\u00f6he, dort wo er zum Weltraum wird. Wo diese Grenze liegt ist nicht eindeutig, ab 80 Kilometer H\u00f6he steht dies im Raum, sp\u00e4testens bei 110 Kilometern [&hellip;]<\/p>\n","protected":false},"author":1,"featured_media":0,"parent":0,"menu_order":0,"comment_status":"closed","ping_status":"closed","template":"","meta":{"slim_seo":{"title":"Weltraum-Strafrecht und Weltraumrecht - Fachanwalt f\u00fcr Strafrecht &amp; IT-Recht Ferner zum Weltraum-Strafrecht und Weltraumrecht","description":"Weltraumstrafrecht: Was ist das Weltraumrecht - und Weltraum-Strafrecht? Juristisch stellt sich der Luftraum \u00fcber staatlichem Hoheitsgebiet als \"Inland\" im Sinne des Strafrechts da"},"footnotes":""},"class_list":["post-7","page","type-page","status-publish","hentry"],"featured_image_src":null,"featured_image_src_square":null,"_links":{"self":[{"href":"https:\/\/www.weltraum-strafrecht.de\/index.php\/wp-json\/wp\/v2\/pages\/7","targetHints":{"allow":["GET"]}}],"collection":[{"href":"https:\/\/www.weltraum-strafrecht.de\/index.php\/wp-json\/wp\/v2\/pages"}],"about":[{"href":"https:\/\/www.weltraum-strafrecht.de\/index.php\/wp-json\/wp\/v2\/types\/page"}],"author":[{"embeddable":true,"href":"https:\/\/www.weltraum-strafrecht.de\/index.php\/wp-json\/wp\/v2\/users\/1"}],"replies":[{"embeddable":true,"href":"https:\/\/www.weltraum-strafrecht.de\/index.php\/wp-json\/wp\/v2\/comments?post=7"}],"version-history":[{"count":6,"href":"https:\/\/www.weltraum-strafrecht.de\/index.php\/wp-json\/wp\/v2\/pages\/7\/revisions"}],"predecessor-version":[{"id":24,"href":"https:\/\/www.weltraum-strafrecht.de\/index.php\/wp-json\/wp\/v2\/pages\/7\/revisions\/24"}],"wp:attachment":[{"href":"https:\/\/www.weltraum-strafrecht.de\/index.php\/wp-json\/wp\/v2\/media?parent=7"}],"curies":[{"name":"wp","href":"https:\/\/api.w.org\/{rel}","templated":true}]}}